{"id":91,"date":"2019-03-02T17:15:05","date_gmt":"2019-03-02T17:15:05","guid":{"rendered":"http:\/\/casas-da-serra.pt\/?page_id=91"},"modified":"2023-08-27T12:45:41","modified_gmt":"2023-08-27T12:45:41","slug":"monte-do-cansado","status":"publish","type":"page","link":"https:\/\/casas-da-serra.pt\/pt\/monte-do-cansado\/","title":{"rendered":"Monte do Cansado"},"content":{"rendered":"<h3 class=\"wp-block-heading\">A casa<\/h3>\n\n\n\n<p class=\"translation-block\"><a href=\"http:\/\/casas-da-serra.pt\/pt\/book-now\/#BookHere\" target=\"_self\">Reserve a sua estadia no Monte do Cansado<\/a> e desfrute de uma vista privilegiada sobre a paisagem natural do Algarve. Esta casa rural cuidadosamente restaurada, situada nas colinas do Sotavento, fica a 10 km do mar e das intermin\u00e1veis praias de areia do Algarve Oriental. A piscina de 12\u00d74 metros \u00e9 partilhada com os h\u00f3spedes da Casa do P\u00e1tio e os propriet\u00e1rios.<\/p>\n\n\n\n<div class=\"wp-block-columns is-layout-flex wp-container-core-columns-is-layout-9d6595d7 wp-block-columns-is-layout-flex\">\n<div class=\"wp-block-column is-layout-flow wp-block-column-is-layout-flow\">\n<p>O Monte do Cansado est\u00e1 situado na orla do Parque Nacional da Mata da Concei\u00e7\u00e3o e tem dois quartos, uma cozinha espa\u00e7osa em plano aberto e um grande terra\u00e7o com vistas panor\u00e2micas deslumbrantes sobre as colinas, vales e aldeias da Serra de Tavira. \u00c9 ideal para quem procura paz e tranquilidade, para caminhantes, amantes da natureza e amantes da praia que n\u00e3o querem ficar nos complexos tur\u00edsticos da praia e do litoral, sempre lotados.<\/p>\n<\/div>\n\n\n\n<div class=\"wp-block-column is-layout-flow wp-block-column-is-layout-flow\">\n<ul class=\"has-background wp-block-list\" style=\"background-color:#f9dfbc;font-size:15px\">\n<li>2 quartos<\/li>\n\n\n\n<li>1 casa de banho<\/li>\n\n\n\n<li>Cozinha totalmente equipada<\/li>\n\n\n\n<li>M\u00e1ximo de 4 pessoas<\/li>\n\n\n\n<li>Aquecimento central em todos os quartos<\/li>\n\n\n\n<li>Salamandra a lenha<\/li>\n\n\n\n<li>\u00c1rea de refei\u00e7\u00f5es exterior<\/li>\n\n\n\n<li>Terra\u00e7o privado com espregui\u00e7adeiras<\/li>\n\n\n\n<li>Piscina partilhada<\/li>\n\n\n\n<li>Churrasco no exterior<\/li>\n\n\n\n<li>M\u00e1quina de lavar loi\u00e7a e m\u00e1quina de lavar roupa<\/li>\n\n\n\n<li>Wi-fi gratuito<\/li>\n\n\n\n<li>Estadia m\u00ednima de 2 noites (5 noites em Julho e Agosto)<\/li>\n<\/ul>\n<\/div>\n<\/div>\n\n\n\n<p><strong>Availability of Monte do Cansado<\/strong><\/p>\n\n\n\n<div id=\"smoobuApartment357248en\" class=\"calendarWidget\">\n<div class=\"calendarContent\" data-load-calendar-url=\"https:\/\/login.smoobu.com\/en\/cockpit\/widget\/single-calendar\/357248\" data-verification=\"6ba960eb69186a41a6db3147c96732f5a27cc75a5fcd9e329aa66794db9febd1\" data-baseurl=\"https:\/\/login.smoobu.com\" data-disable-css=\"false\">&nbsp;<\/div>\n<p><script type=\"text\/javascript\" src=\"https:\/\/login.smoobu.com\/js\/Apartment\/CalendarWidget.js\"><\/script><\/p>\n<\/div>\n\n\n\n<p class=\"has-text-align-center has-dark-gray-color has-text-color has-background\" style=\"background-color:#f9dfbc\"><strong><a href=\"http:\/\/casas-da-serra.pt\/pt\/book-now\/#BookHere\">Book Monte do Cansado here<\/a><\/strong><\/p>\n\n\n<div class=\"wp-block-image\">\n<figure class=\"aligncenter\"><img data-recalc-dims=\"1\" loading=\"lazy\" decoding=\"async\" width=\"740\" height=\"493\" data-attachment-id=\"136\" data-permalink=\"https:\/\/casas-da-serra.pt\/pt\/monte-do-cansado\/lx138530\/\" data-orig-file=\"https:\/\/i0.wp.com\/casas-da-serra.pt\/wp-content\/uploads\/2019\/04\/lx138530.jpg?fit=1500%2C1000&amp;ssl=1\" data-orig-size=\"1500,1000\" data-comments-opened=\"0\" data-image-meta=\"{&quot;aperture&quot;:&quot;10&quot;,&quot;credit&quot;:&quot;&quot;,&quot;camera&quot;:&quot;X-Pro1&quot;,&quot;caption&quot;:&quot;&quot;,&quot;created_timestamp&quot;:&quot;1459427724&quot;,&quot;copyright&quot;:&quot;&quot;,&quot;focal_length&quot;:&quot;55&quot;,&quot;iso&quot;:&quot;200&quot;,&quot;shutter_speed&quot;:&quot;0.0025&quot;,&quot;title&quot;:&quot;&quot;,&quot;orientation&quot;:&quot;0&quot;}\" data-image-title=\"LX138530\" data-image-description=\"\" data-image-caption=\"\" data-large-file=\"https:\/\/i0.wp.com\/casas-da-serra.pt\/wp-content\/uploads\/2019\/04\/lx138530.jpg?fit=740%2C493&amp;ssl=1\" src=\"https:\/\/i0.wp.com\/casas-da-serra.pt\/wp-content\/uploads\/2019\/04\/lx138530.jpg?resize=740%2C493&#038;ssl=1\" alt=\"LX138530\" class=\"wp-image-136\"\/><\/figure>\n<\/div>\n\n\n<p>A nossa casa foi renovada de forma tradicional por artes\u00e3os locais. Os pisos s\u00e3o feitos de ladrilhos de terracota artesanais cozidos ao sol e do tradicional \u00abMosaico Hidr\u00e1ulico\u00bb, o telhado \u00e9 de cana e tijolos cozidos \u00e0 m\u00e3o. O interior moderno inclui uma grande ilha de cozinha com fog\u00e3o a g\u00e1s, forno el\u00e9trico e m\u00e1quina de lavar lou\u00e7a, um frigor\u00edfico espa\u00e7oso com congelador e uma m\u00e1quina de lavar roupa. O acesso \u00e0 Internet \u00e9 fornecido atrav\u00e9s de um router m\u00f3vel (Wi-Fi m\u00f3vel) com volume de dados ilimitado.<\/p>\n\n\n\n<figure class=\"wp-block-gallery has-nested-images columns-3 is-cropped wp-block-gallery-1 is-layout-flex wp-block-gallery-is-layout-flex\">\n<figure class=\"wp-block-image size-large\"><img data-recalc-dims=\"1\" loading=\"lazy\" decoding=\"async\" width=\"740\" height=\"494\" data-attachment-id=\"1061\" data-permalink=\"https:\/\/casas-da-serra.pt\/pt\/monte-do-cansado\/img_1911\/\" data-orig-file=\"https:\/\/i0.wp.com\/casas-da-serra.pt\/wp-content\/uploads\/2020\/06\/IMG_1911.jpg?fit=6000%2C4000&amp;ssl=1\" data-orig-size=\"6000,4000\" data-comments-opened=\"0\" data-image-meta=\"{&quot;aperture&quot;:&quot;8&quot;,&quot;credit&quot;:&quot;&quot;,&quot;camera&quot;:&quot;Canon EOS 80D&quot;,&quot;caption&quot;:&quot;&quot;,&quot;created_timestamp&quot;:&quot;1592747623&quot;,&quot;copyright&quot;:&quot;&quot;,&quot;focal_length&quot;:&quot;18&quot;,&quot;iso&quot;:&quot;200&quot;,&quot;shutter_speed&quot;:&quot;0.005&quot;,&quot;title&quot;:&quot;&quot;,&quot;orientation&quot;:&quot;0&quot;}\" data-image-title=\"IMG_1911\" data-image-description=\"\" data-image-caption=\"&lt;p&gt;Bedroom with door to terrace&lt;\/p&gt;\" data-large-file=\"https:\/\/i0.wp.com\/casas-da-serra.pt\/wp-content\/uploads\/2020\/06\/IMG_1911.jpg?fit=740%2C494&amp;ssl=1\" data-id=\"1061\" src=\"https:\/\/i0.wp.com\/casas-da-serra.pt\/wp-content\/uploads\/2020\/06\/IMG_1911.jpg?resize=740%2C494&#038;ssl=1\" alt=\"\" class=\"wp-image-1061\" srcset=\"https:\/\/i0.wp.com\/casas-da-serra.pt\/wp-content\/uploads\/2020\/06\/IMG_1911.jpg?resize=1024%2C683&amp;ssl=1 1024w, https:\/\/i0.wp.com\/casas-da-serra.pt\/wp-content\/uploads\/2020\/06\/IMG_1911.jpg?resize=300%2C200&amp;ssl=1 300w, https:\/\/i0.wp.com\/casas-da-serra.pt\/wp-content\/uploads\/2020\/06\/IMG_1911.jpg?resize=768%2C512&amp;ssl=1 768w, https:\/\/i0.wp.com\/casas-da-serra.pt\/wp-content\/uploads\/2020\/06\/IMG_1911.jpg?resize=1536%2C1024&amp;ssl=1 1536w, https:\/\/i0.wp.com\/casas-da-serra.pt\/wp-content\/uploads\/2020\/06\/IMG_1911.jpg?resize=2048%2C1365&amp;ssl=1 2048w, https:\/\/i0.wp.com\/casas-da-serra.pt\/wp-content\/uploads\/2020\/06\/IMG_1911.jpg?resize=2000%2C1333&amp;ssl=1 2000w, https:\/\/i0.wp.com\/casas-da-serra.pt\/wp-content\/uploads\/2020\/06\/IMG_1911.jpg?w=1480&amp;ssl=1 1480w, https:\/\/i0.wp.com\/casas-da-serra.pt\/wp-content\/uploads\/2020\/06\/IMG_1911.jpg?w=2220&amp;ssl=1 2220w\" sizes=\"auto, (max-width: 740px) 100vw, 740px\" \/><\/figure>\n\n\n\n<figure class=\"wp-block-image size-large\"><img data-recalc-dims=\"1\" loading=\"lazy\" decoding=\"async\" width=\"740\" height=\"494\" data-attachment-id=\"1060\" data-permalink=\"https:\/\/casas-da-serra.pt\/pt\/monte-do-cansado\/img_1908\/\" data-orig-file=\"https:\/\/i0.wp.com\/casas-da-serra.pt\/wp-content\/uploads\/2020\/06\/IMG_1908.jpg?fit=6000%2C4000&amp;ssl=1\" data-orig-size=\"6000,4000\" data-comments-opened=\"0\" data-image-meta=\"{&quot;aperture&quot;:&quot;11&quot;,&quot;credit&quot;:&quot;&quot;,&quot;camera&quot;:&quot;Canon EOS 80D&quot;,&quot;caption&quot;:&quot;&quot;,&quot;created_timestamp&quot;:&quot;1592747464&quot;,&quot;copyright&quot;:&quot;&quot;,&quot;focal_length&quot;:&quot;18&quot;,&quot;iso&quot;:&quot;200&quot;,&quot;shutter_speed&quot;:&quot;0.003125&quot;,&quot;title&quot;:&quot;&quot;,&quot;orientation&quot;:&quot;0&quot;}\" data-image-title=\"IMG_1908\" data-image-description=\"\" data-image-caption=\"&lt;p&gt;Porch&lt;\/p&gt;\" data-large-file=\"https:\/\/i0.wp.com\/casas-da-serra.pt\/wp-content\/uploads\/2020\/06\/IMG_1908.jpg?fit=740%2C494&amp;ssl=1\" data-id=\"1060\" src=\"https:\/\/i0.wp.com\/casas-da-serra.pt\/wp-content\/uploads\/2020\/06\/IMG_1908.jpg?resize=740%2C494&#038;ssl=1\" alt=\"\" class=\"wp-image-1060\" srcset=\"https:\/\/i0.wp.com\/casas-da-serra.pt\/wp-content\/uploads\/2020\/06\/IMG_1908.jpg?resize=1024%2C683&amp;ssl=1 1024w, https:\/\/i0.wp.com\/casas-da-serra.pt\/wp-content\/uploads\/2020\/06\/IMG_1908.jpg?resize=300%2C200&amp;ssl=1 300w, https:\/\/i0.wp.com\/casas-da-serra.pt\/wp-content\/uploads\/2020\/06\/IMG_1908.jpg?resize=768%2C512&amp;ssl=1 768w, https:\/\/i0.wp.com\/casas-da-serra.pt\/wp-content\/uploads\/2020\/06\/IMG_1908.jpg?resize=1536%2C1024&amp;ssl=1 1536w, https:\/\/i0.wp.com\/casas-da-serra.pt\/wp-content\/uploads\/2020\/06\/IMG_1908.jpg?resize=2048%2C1365&amp;ssl=1 2048w, https:\/\/i0.wp.com\/casas-da-serra.pt\/wp-content\/uploads\/2020\/06\/IMG_1908.jpg?resize=2000%2C1333&amp;ssl=1 2000w, https:\/\/i0.wp.com\/casas-da-serra.pt\/wp-content\/uploads\/2020\/06\/IMG_1908.jpg?w=1480&amp;ssl=1 1480w, https:\/\/i0.wp.com\/casas-da-serra.pt\/wp-content\/uploads\/2020\/06\/IMG_1908.jpg?w=2220&amp;ssl=1 2220w\" sizes=\"auto, (max-width: 740px) 100vw, 740px\" \/><\/figure>\n\n\n\n<figure class=\"wp-block-image size-large\"><img data-recalc-dims=\"1\" loading=\"lazy\" decoding=\"async\" width=\"740\" height=\"494\" data-attachment-id=\"1067\" data-permalink=\"https:\/\/casas-da-serra.pt\/pt\/monte-do-cansado\/lx132463-2\/\" data-orig-file=\"https:\/\/i0.wp.com\/casas-da-serra.pt\/wp-content\/uploads\/2020\/06\/LX132463-2.jpg?fit=4896%2C3264&amp;ssl=1\" data-orig-size=\"4896,3264\" data-comments-opened=\"0\" data-image-meta=\"{&quot;aperture&quot;:&quot;2.8&quot;,&quot;credit&quot;:&quot;&quot;,&quot;camera&quot;:&quot;X-Pro1&quot;,&quot;caption&quot;:&quot;&quot;,&quot;created_timestamp&quot;:&quot;1560106736&quot;,&quot;copyright&quot;:&quot;&quot;,&quot;focal_length&quot;:&quot;18&quot;,&quot;iso&quot;:&quot;2500&quot;,&quot;shutter_speed&quot;:&quot;0.008&quot;,&quot;title&quot;:&quot;&quot;,&quot;orientation&quot;:&quot;1&quot;}\" data-image-title=\"LX132463 (2)\" data-image-description=\"\" data-image-caption=\"&lt;p&gt;Dining and living-room area&lt;\/p&gt;\" data-large-file=\"https:\/\/i0.wp.com\/casas-da-serra.pt\/wp-content\/uploads\/2020\/06\/LX132463-2.jpg?fit=740%2C494&amp;ssl=1\" data-id=\"1067\" src=\"https:\/\/i0.wp.com\/casas-da-serra.pt\/wp-content\/uploads\/2020\/06\/LX132463-2.jpg?resize=740%2C494&#038;ssl=1\" alt=\"\" class=\"wp-image-1067\" srcset=\"https:\/\/i0.wp.com\/casas-da-serra.pt\/wp-content\/uploads\/2020\/06\/LX132463-2.jpg?resize=1024%2C683&amp;ssl=1 1024w, https:\/\/i0.wp.com\/casas-da-serra.pt\/wp-content\/uploads\/2020\/06\/LX132463-2.jpg?resize=300%2C200&amp;ssl=1 300w, https:\/\/i0.wp.com\/casas-da-serra.pt\/wp-content\/uploads\/2020\/06\/LX132463-2.jpg?resize=768%2C512&amp;ssl=1 768w, https:\/\/i0.wp.com\/casas-da-serra.pt\/wp-content\/uploads\/2020\/06\/LX132463-2.jpg?resize=1536%2C1024&amp;ssl=1 1536w, https:\/\/i0.wp.com\/casas-da-serra.pt\/wp-content\/uploads\/2020\/06\/LX132463-2.jpg?resize=2048%2C1365&amp;ssl=1 2048w, https:\/\/i0.wp.com\/casas-da-serra.pt\/wp-content\/uploads\/2020\/06\/LX132463-2.jpg?resize=2000%2C1333&amp;ssl=1 2000w, https:\/\/i0.wp.com\/casas-da-serra.pt\/wp-content\/uploads\/2020\/06\/LX132463-2.jpg?w=1480&amp;ssl=1 1480w, https:\/\/i0.wp.com\/casas-da-serra.pt\/wp-content\/uploads\/2020\/06\/LX132463-2.jpg?w=2220&amp;ssl=1 2220w\" sizes=\"auto, (max-width: 740px) 100vw, 740px\" \/><\/figure>\n\n\n\n<figure class=\"wp-block-image size-large\"><img data-recalc-dims=\"1\" loading=\"lazy\" decoding=\"async\" width=\"740\" height=\"493\" data-attachment-id=\"450\" data-permalink=\"https:\/\/casas-da-serra.pt\/pt\/serro-da-volta\/lx138487-2\/\" data-orig-file=\"https:\/\/i0.wp.com\/casas-da-serra.pt\/wp-content\/uploads\/2019\/04\/lx138487-1.jpg?fit=1500%2C1000&amp;ssl=1\" data-orig-size=\"1500,1000\" data-comments-opened=\"0\" data-image-meta=\"{&quot;aperture&quot;:&quot;5&quot;,&quot;credit&quot;:&quot;&quot;,&quot;camera&quot;:&quot;X-Pro1&quot;,&quot;caption&quot;:&quot;&quot;,&quot;created_timestamp&quot;:&quot;1459275096&quot;,&quot;copyright&quot;:&quot;&quot;,&quot;focal_length&quot;:&quot;23.3&quot;,&quot;iso&quot;:&quot;200&quot;,&quot;shutter_speed&quot;:&quot;0.0071428571428571&quot;,&quot;title&quot;:&quot;&quot;,&quot;orientation&quot;:&quot;0&quot;}\" data-image-title=\"LX138487\" data-image-description=\"\" data-image-caption=\"&lt;p&gt;Door to the terrace&lt;\/p&gt;\" data-large-file=\"https:\/\/i0.wp.com\/casas-da-serra.pt\/wp-content\/uploads\/2019\/04\/lx138487-1.jpg?fit=740%2C493&amp;ssl=1\" data-id=\"450\" src=\"https:\/\/i0.wp.com\/casas-da-serra.pt\/wp-content\/uploads\/2019\/04\/lx138487-1.jpg?resize=740%2C493&#038;ssl=1\" alt=\"\" class=\"wp-image-450\"\/><\/figure>\n\n\n\n<figure class=\"wp-block-image size-large\"><a href=\"https:\/\/casas-da-serra.pt\/pt\/monte-do-cansado\/img_6656g-1\/\"><img data-recalc-dims=\"1\" loading=\"lazy\" decoding=\"async\" width=\"740\" height=\"987\" data-attachment-id=\"2030\" data-permalink=\"https:\/\/casas-da-serra.pt\/pt\/monte-do-cansado\/img_6656g-1\/\" data-orig-file=\"https:\/\/i0.wp.com\/casas-da-serra.pt\/wp-content\/uploads\/2022\/09\/IMG_6656g-1-rotated.jpg?fit=3024%2C4032&amp;ssl=1\" data-orig-size=\"3024,4032\" data-comments-opened=\"0\" data-image-meta=\"{&quot;aperture&quot;:&quot;2.4&quot;,&quot;credit&quot;:&quot;&quot;,&quot;camera&quot;:&quot;iPhone XS Max&quot;,&quot;caption&quot;:&quot;&quot;,&quot;created_timestamp&quot;:&quot;1626335620&quot;,&quot;copyright&quot;:&quot;&quot;,&quot;focal_length&quot;:&quot;6&quot;,&quot;iso&quot;:&quot;16&quot;,&quot;shutter_speed&quot;:&quot;0.0010845986984816&quot;,&quot;title&quot;:&quot;&quot;,&quot;orientation&quot;:&quot;1&quot;}\" data-image-title=\"IMG_6656g-1\" data-image-description=\"\" data-image-caption=\"\" data-large-file=\"https:\/\/i0.wp.com\/casas-da-serra.pt\/wp-content\/uploads\/2022\/09\/IMG_6656g-1-rotated.jpg?fit=740%2C987&amp;ssl=1\" data-id=\"2030\" src=\"https:\/\/i0.wp.com\/casas-da-serra.pt\/wp-content\/uploads\/2022\/09\/IMG_6656g-1.jpg?resize=740%2C987&#038;ssl=1\" alt=\"\" class=\"wp-image-2030\" srcset=\"https:\/\/i0.wp.com\/casas-da-serra.pt\/wp-content\/uploads\/2022\/09\/IMG_6656g-1-rotated.jpg?resize=768%2C1024&amp;ssl=1 768w, https:\/\/i0.wp.com\/casas-da-serra.pt\/wp-content\/uploads\/2022\/09\/IMG_6656g-1-rotated.jpg?resize=225%2C300&amp;ssl=1 225w, https:\/\/i0.wp.com\/casas-da-serra.pt\/wp-content\/uploads\/2022\/09\/IMG_6656g-1-rotated.jpg?resize=1152%2C1536&amp;ssl=1 1152w, https:\/\/i0.wp.com\/casas-da-serra.pt\/wp-content\/uploads\/2022\/09\/IMG_6656g-1-rotated.jpg?resize=1536%2C2048&amp;ssl=1 1536w, https:\/\/i0.wp.com\/casas-da-serra.pt\/wp-content\/uploads\/2022\/09\/IMG_6656g-1-rotated.jpg?resize=9%2C12&amp;ssl=1 9w, https:\/\/i0.wp.com\/casas-da-serra.pt\/wp-content\/uploads\/2022\/09\/IMG_6656g-1-rotated.jpg?resize=1125%2C1500&amp;ssl=1 1125w, https:\/\/i0.wp.com\/casas-da-serra.pt\/wp-content\/uploads\/2022\/09\/IMG_6656g-1-rotated.jpg?w=1480&amp;ssl=1 1480w, https:\/\/i0.wp.com\/casas-da-serra.pt\/wp-content\/uploads\/2022\/09\/IMG_6656g-1-rotated.jpg?w=2220&amp;ssl=1 2220w\" sizes=\"auto, (max-width: 740px) 100vw, 740px\" \/><\/a><\/figure>\n\n\n\n<figure class=\"wp-block-image size-large\"><img data-recalc-dims=\"1\" loading=\"lazy\" decoding=\"async\" width=\"740\" height=\"1110\" data-attachment-id=\"445\" data-permalink=\"https:\/\/casas-da-serra.pt\/pt\/serro-da-volta\/lx138474-2\/\" data-orig-file=\"https:\/\/i0.wp.com\/casas-da-serra.pt\/wp-content\/uploads\/2019\/04\/lx138474-1.jpg?fit=1000%2C1500&amp;ssl=1\" data-orig-size=\"1000,1500\" data-comments-opened=\"0\" data-image-meta=\"{&quot;aperture&quot;:&quot;4&quot;,&quot;credit&quot;:&quot;&quot;,&quot;camera&quot;:&quot;X-Pro1&quot;,&quot;caption&quot;:&quot;&quot;,&quot;created_timestamp&quot;:&quot;1459272697&quot;,&quot;copyright&quot;:&quot;&quot;,&quot;focal_length&quot;:&quot;55&quot;,&quot;iso&quot;:&quot;250&quot;,&quot;shutter_speed&quot;:&quot;0.016666666666667&quot;,&quot;title&quot;:&quot;&quot;,&quot;orientation&quot;:&quot;0&quot;}\" data-image-title=\"LX138474\" data-image-description=\"\" data-image-caption=\"&lt;p&gt;Kitchen&lt;\/p&gt;\" data-large-file=\"https:\/\/i0.wp.com\/casas-da-serra.pt\/wp-content\/uploads\/2019\/04\/lx138474-1.jpg?fit=683%2C1024&amp;ssl=1\" data-id=\"445\" src=\"https:\/\/i0.wp.com\/casas-da-serra.pt\/wp-content\/uploads\/2019\/04\/lx138474-1.jpg?resize=740%2C1110&#038;ssl=1\" alt=\"\" class=\"wp-image-445\"\/><\/figure>\n\n\n\n<figure class=\"wp-block-image size-large\"><a href=\"https:\/\/casas-da-serra.pt\/pt\/monte-do-cansado\/img_3728-1\/\"><img data-recalc-dims=\"1\" loading=\"lazy\" decoding=\"async\" width=\"740\" height=\"987\" data-attachment-id=\"2029\" data-permalink=\"https:\/\/casas-da-serra.pt\/pt\/monte-do-cansado\/img_3728-1\/\" data-orig-file=\"https:\/\/i0.wp.com\/casas-da-serra.pt\/wp-content\/uploads\/2022\/09\/IMG_3728-1-rotated.jpg?fit=3024%2C4032&amp;ssl=1\" data-orig-size=\"3024,4032\" data-comments-opened=\"0\" data-image-meta=\"{&quot;aperture&quot;:&quot;1.8&quot;,&quot;credit&quot;:&quot;&quot;,&quot;camera&quot;:&quot;iPhone XS Max&quot;,&quot;caption&quot;:&quot;&quot;,&quot;created_timestamp&quot;:&quot;1597130582&quot;,&quot;copyright&quot;:&quot;&quot;,&quot;focal_length&quot;:&quot;4.25&quot;,&quot;iso&quot;:&quot;25&quot;,&quot;shutter_speed&quot;:&quot;0.00052192066805846&quot;,&quot;title&quot;:&quot;&quot;,&quot;orientation&quot;:&quot;1&quot;}\" data-image-title=\"IMG_3728-1\" data-image-description=\"\" data-image-caption=\"\" data-large-file=\"https:\/\/i0.wp.com\/casas-da-serra.pt\/wp-content\/uploads\/2022\/09\/IMG_3728-1-rotated.jpg?fit=740%2C987&amp;ssl=1\" data-id=\"2029\" src=\"https:\/\/i0.wp.com\/casas-da-serra.pt\/wp-content\/uploads\/2022\/09\/IMG_3728-1.jpg?resize=740%2C987&#038;ssl=1\" alt=\"\" class=\"wp-image-2029\" srcset=\"https:\/\/i0.wp.com\/casas-da-serra.pt\/wp-content\/uploads\/2022\/09\/IMG_3728-1-rotated.jpg?resize=768%2C1024&amp;ssl=1 768w, https:\/\/i0.wp.com\/casas-da-serra.pt\/wp-content\/uploads\/2022\/09\/IMG_3728-1-rotated.jpg?resize=225%2C300&amp;ssl=1 225w, https:\/\/i0.wp.com\/casas-da-serra.pt\/wp-content\/uploads\/2022\/09\/IMG_3728-1-rotated.jpg?resize=1152%2C1536&amp;ssl=1 1152w, https:\/\/i0.wp.com\/casas-da-serra.pt\/wp-content\/uploads\/2022\/09\/IMG_3728-1-rotated.jpg?resize=1536%2C2048&amp;ssl=1 1536w, https:\/\/i0.wp.com\/casas-da-serra.pt\/wp-content\/uploads\/2022\/09\/IMG_3728-1-rotated.jpg?resize=9%2C12&amp;ssl=1 9w, https:\/\/i0.wp.com\/casas-da-serra.pt\/wp-content\/uploads\/2022\/09\/IMG_3728-1-rotated.jpg?resize=1125%2C1500&amp;ssl=1 1125w, https:\/\/i0.wp.com\/casas-da-serra.pt\/wp-content\/uploads\/2022\/09\/IMG_3728-1-rotated.jpg?w=1480&amp;ssl=1 1480w, https:\/\/i0.wp.com\/casas-da-serra.pt\/wp-content\/uploads\/2022\/09\/IMG_3728-1-rotated.jpg?w=2220&amp;ssl=1 2220w\" sizes=\"auto, (max-width: 740px) 100vw, 740px\" \/><\/a><\/figure>\n\n\n\n<figure class=\"wp-block-image size-large\"><img data-recalc-dims=\"1\" loading=\"lazy\" decoding=\"async\" width=\"740\" height=\"493\" data-attachment-id=\"439\" data-permalink=\"https:\/\/casas-da-serra.pt\/pt\/serro-da-volta\/lx138460-2\/\" data-orig-file=\"https:\/\/i0.wp.com\/casas-da-serra.pt\/wp-content\/uploads\/2019\/04\/lx138460-1.jpg?fit=1500%2C1000&amp;ssl=1\" data-orig-size=\"1500,1000\" data-comments-opened=\"0\" data-image-meta=\"{&quot;aperture&quot;:&quot;4&quot;,&quot;credit&quot;:&quot;&quot;,&quot;camera&quot;:&quot;X-Pro1&quot;,&quot;caption&quot;:&quot;&quot;,&quot;created_timestamp&quot;:&quot;1459272045&quot;,&quot;copyright&quot;:&quot;&quot;,&quot;focal_length&quot;:&quot;55&quot;,&quot;iso&quot;:&quot;200&quot;,&quot;shutter_speed&quot;:&quot;0.016666666666667&quot;,&quot;title&quot;:&quot;&quot;,&quot;orientation&quot;:&quot;0&quot;}\" data-image-title=\"LX138460\" data-image-description=\"\" data-image-caption=\"&lt;p&gt;Bathroom&lt;\/p&gt;\" data-large-file=\"https:\/\/i0.wp.com\/casas-da-serra.pt\/wp-content\/uploads\/2019\/04\/lx138460-1.jpg?fit=740%2C493&amp;ssl=1\" data-id=\"439\" src=\"https:\/\/i0.wp.com\/casas-da-serra.pt\/wp-content\/uploads\/2019\/04\/lx138460-1.jpg?resize=740%2C493&#038;ssl=1\" alt=\"\" class=\"wp-image-439\"\/><\/figure>\n\n\n\n<figure class=\"wp-block-image size-large\"><img data-recalc-dims=\"1\" loading=\"lazy\" decoding=\"async\" width=\"740\" height=\"493\" data-attachment-id=\"434\" data-permalink=\"https:\/\/casas-da-serra.pt\/pt\/serro-da-volta\/lx138445-2\/\" data-orig-file=\"https:\/\/i0.wp.com\/casas-da-serra.pt\/wp-content\/uploads\/2019\/04\/lx138445-1.jpg?fit=1500%2C1000&amp;ssl=1\" data-orig-size=\"1500,1000\" data-comments-opened=\"0\" data-image-meta=\"{&quot;aperture&quot;:&quot;4&quot;,&quot;credit&quot;:&quot;&quot;,&quot;camera&quot;:&quot;X-Pro1&quot;,&quot;caption&quot;:&quot;&quot;,&quot;created_timestamp&quot;:&quot;1459256696&quot;,&quot;copyright&quot;:&quot;&quot;,&quot;focal_length&quot;:&quot;55&quot;,&quot;iso&quot;:&quot;1600&quot;,&quot;shutter_speed&quot;:&quot;0.016666666666667&quot;,&quot;title&quot;:&quot;&quot;,&quot;orientation&quot;:&quot;0&quot;}\" data-image-title=\"LX138445\" data-image-description=\"\" data-image-caption=\"&lt;p&gt;First bedroom&lt;\/p&gt;\" data-large-file=\"https:\/\/i0.wp.com\/casas-da-serra.pt\/wp-content\/uploads\/2019\/04\/lx138445-1.jpg?fit=740%2C493&amp;ssl=1\" data-id=\"434\" src=\"https:\/\/i0.wp.com\/casas-da-serra.pt\/wp-content\/uploads\/2019\/04\/lx138445-1.jpg?resize=740%2C493&#038;ssl=1\" alt=\"\" class=\"wp-image-434\"\/><\/figure>\n\n\n\n<figure class=\"wp-block-image size-large\"><img data-recalc-dims=\"1\" loading=\"lazy\" decoding=\"async\" width=\"740\" height=\"1110\" data-attachment-id=\"437\" data-permalink=\"https:\/\/casas-da-serra.pt\/pt\/serro-da-volta\/lx138456-2\/\" data-orig-file=\"https:\/\/i0.wp.com\/casas-da-serra.pt\/wp-content\/uploads\/2019\/04\/lx138456-1.jpg?fit=1000%2C1500&amp;ssl=1\" data-orig-size=\"1000,1500\" data-comments-opened=\"0\" data-image-meta=\"{&quot;aperture&quot;:&quot;3.6&quot;,&quot;credit&quot;:&quot;&quot;,&quot;camera&quot;:&quot;X-Pro1&quot;,&quot;caption&quot;:&quot;&quot;,&quot;created_timestamp&quot;:&quot;1459271879&quot;,&quot;copyright&quot;:&quot;&quot;,&quot;focal_length&quot;:&quot;18&quot;,&quot;iso&quot;:&quot;200&quot;,&quot;shutter_speed&quot;:&quot;0.008&quot;,&quot;title&quot;:&quot;&quot;,&quot;orientation&quot;:&quot;0&quot;}\" data-image-title=\"LX138456\" data-image-description=\"\" data-image-caption=\"&lt;p&gt;Bathroom with a view&lt;\/p&gt;\" data-large-file=\"https:\/\/i0.wp.com\/casas-da-serra.pt\/wp-content\/uploads\/2019\/04\/lx138456-1.jpg?fit=683%2C1024&amp;ssl=1\" data-id=\"437\" src=\"https:\/\/i0.wp.com\/casas-da-serra.pt\/wp-content\/uploads\/2019\/04\/lx138456-1.jpg?resize=740%2C1110&#038;ssl=1\" alt=\"\" class=\"wp-image-437\"\/><\/figure>\n\n\n\n<figure class=\"wp-block-image size-large\"><img data-recalc-dims=\"1\" loading=\"lazy\" decoding=\"async\" width=\"740\" height=\"494\" data-attachment-id=\"1068\" data-permalink=\"https:\/\/casas-da-serra.pt\/pt\/monte-do-cansado\/img_1637-2\/\" data-orig-file=\"https:\/\/i0.wp.com\/casas-da-serra.pt\/wp-content\/uploads\/2020\/06\/IMG_1637-2.jpg?fit=6000%2C4000&amp;ssl=1\" data-orig-size=\"6000,4000\" data-comments-opened=\"0\" data-image-meta=\"{&quot;aperture&quot;:&quot;5.6&quot;,&quot;credit&quot;:&quot;&quot;,&quot;camera&quot;:&quot;Canon EOS 80D&quot;,&quot;caption&quot;:&quot;&quot;,&quot;created_timestamp&quot;:&quot;1590159293&quot;,&quot;copyright&quot;:&quot;&quot;,&quot;focal_length&quot;:&quot;35&quot;,&quot;iso&quot;:&quot;200&quot;,&quot;shutter_speed&quot;:&quot;0.0125&quot;,&quot;title&quot;:&quot;&quot;,&quot;orientation&quot;:&quot;1&quot;}\" data-image-title=\"IMG_1637 (2)\" data-image-description=\"\" data-image-caption=\"&lt;p&gt;Open-space kitchen&lt;\/p&gt;\" data-large-file=\"https:\/\/i0.wp.com\/casas-da-serra.pt\/wp-content\/uploads\/2020\/06\/IMG_1637-2.jpg?fit=740%2C494&amp;ssl=1\" data-id=\"1068\" src=\"https:\/\/i0.wp.com\/casas-da-serra.pt\/wp-content\/uploads\/2020\/06\/IMG_1637-2.jpg?resize=740%2C494&#038;ssl=1\" alt=\"\" class=\"wp-image-1068\" srcset=\"https:\/\/i0.wp.com\/casas-da-serra.pt\/wp-content\/uploads\/2020\/06\/IMG_1637-2.jpg?resize=1024%2C683&amp;ssl=1 1024w, https:\/\/i0.wp.com\/casas-da-serra.pt\/wp-content\/uploads\/2020\/06\/IMG_1637-2.jpg?resize=300%2C200&amp;ssl=1 300w, https:\/\/i0.wp.com\/casas-da-serra.pt\/wp-content\/uploads\/2020\/06\/IMG_1637-2.jpg?resize=768%2C512&amp;ssl=1 768w, https:\/\/i0.wp.com\/casas-da-serra.pt\/wp-content\/uploads\/2020\/06\/IMG_1637-2.jpg?resize=1536%2C1024&amp;ssl=1 1536w, https:\/\/i0.wp.com\/casas-da-serra.pt\/wp-content\/uploads\/2020\/06\/IMG_1637-2.jpg?resize=2048%2C1365&amp;ssl=1 2048w, https:\/\/i0.wp.com\/casas-da-serra.pt\/wp-content\/uploads\/2020\/06\/IMG_1637-2.jpg?resize=2000%2C1333&amp;ssl=1 2000w, https:\/\/i0.wp.com\/casas-da-serra.pt\/wp-content\/uploads\/2020\/06\/IMG_1637-2.jpg?w=1480&amp;ssl=1 1480w, https:\/\/i0.wp.com\/casas-da-serra.pt\/wp-content\/uploads\/2020\/06\/IMG_1637-2.jpg?w=2220&amp;ssl=1 2220w\" sizes=\"auto, (max-width: 740px) 100vw, 740px\" \/><\/figure>\n\n\n\n<figure class=\"wp-block-image size-large\"><img data-recalc-dims=\"1\" loading=\"lazy\" decoding=\"async\" width=\"740\" height=\"493\" data-attachment-id=\"429\" data-permalink=\"https:\/\/casas-da-serra.pt\/pt\/serro-da-volta\/lx138420-2\/\" data-orig-file=\"https:\/\/i0.wp.com\/casas-da-serra.pt\/wp-content\/uploads\/2019\/04\/lx138420-1.jpg?fit=1500%2C1000&amp;ssl=1\" data-orig-size=\"1500,1000\" data-comments-opened=\"0\" data-image-meta=\"{&quot;aperture&quot;:&quot;5.6&quot;,&quot;credit&quot;:&quot;&quot;,&quot;camera&quot;:&quot;X-Pro1&quot;,&quot;caption&quot;:&quot;&quot;,&quot;created_timestamp&quot;:&quot;1459254949&quot;,&quot;copyright&quot;:&quot;&quot;,&quot;focal_length&quot;:&quot;18&quot;,&quot;iso&quot;:&quot;200&quot;,&quot;shutter_speed&quot;:&quot;0.0022222222222222&quot;,&quot;title&quot;:&quot;&quot;,&quot;orientation&quot;:&quot;0&quot;}\" data-image-title=\"LX138420\" data-image-description=\"\" data-image-caption=\"&lt;p&gt;Bedroom view&lt;\/p&gt;\" data-large-file=\"https:\/\/i0.wp.com\/casas-da-serra.pt\/wp-content\/uploads\/2019\/04\/lx138420-1.jpg?fit=740%2C493&amp;ssl=1\" data-id=\"429\" src=\"https:\/\/i0.wp.com\/casas-da-serra.pt\/wp-content\/uploads\/2019\/04\/lx138420-1.jpg?resize=740%2C493&#038;ssl=1\" alt=\"\" class=\"wp-image-429\"\/><\/figure>\n\n\n\n<figure class=\"wp-block-image size-large\"><img data-recalc-dims=\"1\" loading=\"lazy\" decoding=\"async\" width=\"740\" height=\"493\" data-attachment-id=\"428\" data-permalink=\"https:\/\/casas-da-serra.pt\/pt\/serro-da-volta\/lx138419-2\/\" data-orig-file=\"https:\/\/i0.wp.com\/casas-da-serra.pt\/wp-content\/uploads\/2019\/04\/lx138419-1.jpg?fit=1500%2C1000&amp;ssl=1\" data-orig-size=\"1500,1000\" data-comments-opened=\"0\" data-image-meta=\"{&quot;aperture&quot;:&quot;5.6&quot;,&quot;credit&quot;:&quot;&quot;,&quot;camera&quot;:&quot;X-Pro1&quot;,&quot;caption&quot;:&quot;&quot;,&quot;created_timestamp&quot;:&quot;1459254912&quot;,&quot;copyright&quot;:&quot;&quot;,&quot;focal_length&quot;:&quot;18&quot;,&quot;iso&quot;:&quot;200&quot;,&quot;shutter_speed&quot;:&quot;0.008&quot;,&quot;title&quot;:&quot;&quot;,&quot;orientation&quot;:&quot;0&quot;}\" data-image-title=\"LX138419\" data-image-description=\"\" data-image-caption=\"&lt;p&gt;Second bedroom&lt;\/p&gt;\" data-large-file=\"https:\/\/i0.wp.com\/casas-da-serra.pt\/wp-content\/uploads\/2019\/04\/lx138419-1.jpg?fit=740%2C493&amp;ssl=1\" data-id=\"428\" src=\"https:\/\/i0.wp.com\/casas-da-serra.pt\/wp-content\/uploads\/2019\/04\/lx138419-1.jpg?resize=740%2C493&#038;ssl=1\" alt=\"\" class=\"wp-image-428\"\/><\/figure>\n\n\n\n<figure class=\"wp-block-image size-large\"><img data-recalc-dims=\"1\" loading=\"lazy\" decoding=\"async\" width=\"740\" height=\"493\" data-attachment-id=\"423\" data-permalink=\"https:\/\/casas-da-serra.pt\/pt\/serro-da-volta\/lx138405-2\/\" data-orig-file=\"https:\/\/i0.wp.com\/casas-da-serra.pt\/wp-content\/uploads\/2019\/04\/lx138405-1.jpg?fit=1500%2C1000&amp;ssl=1\" data-orig-size=\"1500,1000\" data-comments-opened=\"0\" data-image-meta=\"{&quot;aperture&quot;:&quot;5.6&quot;,&quot;credit&quot;:&quot;&quot;,&quot;camera&quot;:&quot;X-Pro1&quot;,&quot;caption&quot;:&quot;&quot;,&quot;created_timestamp&quot;:&quot;1459254369&quot;,&quot;copyright&quot;:&quot;&quot;,&quot;focal_length&quot;:&quot;18&quot;,&quot;iso&quot;:&quot;200&quot;,&quot;shutter_speed&quot;:&quot;0.008&quot;,&quot;title&quot;:&quot;&quot;,&quot;orientation&quot;:&quot;0&quot;}\" data-image-title=\"LX138405\" data-image-description=\"\" data-image-caption=\"&lt;p&gt;Second bedroom with panoramic view&lt;\/p&gt;\" data-large-file=\"https:\/\/i0.wp.com\/casas-da-serra.pt\/wp-content\/uploads\/2019\/04\/lx138405-1.jpg?fit=740%2C493&amp;ssl=1\" data-id=\"423\" src=\"https:\/\/i0.wp.com\/casas-da-serra.pt\/wp-content\/uploads\/2019\/04\/lx138405-1.jpg?resize=740%2C493&#038;ssl=1\" alt=\"\" class=\"wp-image-423\"\/><\/figure>\n\n\n\n<figure class=\"wp-block-image size-large\"><img data-recalc-dims=\"1\" loading=\"lazy\" decoding=\"async\" width=\"740\" height=\"740\" data-attachment-id=\"243\" data-permalink=\"https:\/\/casas-da-serra.pt\/pt\/serro-da-volta\/img_1067\/\" data-orig-file=\"https:\/\/i0.wp.com\/casas-da-serra.pt\/wp-content\/uploads\/2019\/04\/img_1067.jpg?fit=1500%2C1500&amp;ssl=1\" data-orig-size=\"1500,1500\" data-comments-opened=\"0\" data-image-meta=\"{&quot;aperture&quot;:&quot;0&quot;,&quot;credit&quot;:&quot;&quot;,&quot;camera&quot;:&quot;&quot;,&quot;caption&quot;:&quot;&quot;,&quot;created_timestamp&quot;:&quot;0&quot;,&quot;copyright&quot;:&quot;&quot;,&quot;focal_length&quot;:&quot;0&quot;,&quot;iso&quot;:&quot;0&quot;,&quot;shutter_speed&quot;:&quot;0&quot;,&quot;title&quot;:&quot;&quot;,&quot;orientation&quot;:&quot;0&quot;}\" data-image-title=\"Fireplace\" data-image-description=\"\" data-image-caption=\"\" data-large-file=\"https:\/\/i0.wp.com\/casas-da-serra.pt\/wp-content\/uploads\/2019\/04\/img_1067.jpg?fit=740%2C740&amp;ssl=1\" data-id=\"243\" src=\"https:\/\/i0.wp.com\/casas-da-serra.pt\/wp-content\/uploads\/2019\/04\/img_1067.jpg?resize=740%2C740&#038;ssl=1\" alt=\"\" class=\"wp-image-243\"\/><\/figure>\n\n\n\n<figure class=\"wp-block-image size-large\"><img data-recalc-dims=\"1\" loading=\"lazy\" decoding=\"async\" width=\"740\" height=\"493\" data-attachment-id=\"95\" data-permalink=\"https:\/\/casas-da-serra.pt\/pt\/monte-do-cansado\/lx138400\/\" data-orig-file=\"https:\/\/i0.wp.com\/casas-da-serra.pt\/wp-content\/uploads\/2019\/04\/lx138400.jpg?fit=1500%2C1000&amp;ssl=1\" data-orig-size=\"1500,1000\" data-comments-opened=\"0\" data-image-meta=\"{&quot;aperture&quot;:&quot;9&quot;,&quot;credit&quot;:&quot;&quot;,&quot;camera&quot;:&quot;X-Pro1&quot;,&quot;caption&quot;:&quot;&quot;,&quot;created_timestamp&quot;:&quot;1459253841&quot;,&quot;copyright&quot;:&quot;&quot;,&quot;focal_length&quot;:&quot;37.4&quot;,&quot;iso&quot;:&quot;200&quot;,&quot;shutter_speed&quot;:&quot;0.0022222222222222&quot;,&quot;title&quot;:&quot;&quot;,&quot;orientation&quot;:&quot;0&quot;}\" data-image-title=\"LX138400\" data-image-description=\"\" data-image-caption=\"&lt;p&gt;Traditional roof tiles&lt;\/p&gt;\" data-large-file=\"https:\/\/i0.wp.com\/casas-da-serra.pt\/wp-content\/uploads\/2019\/04\/lx138400.jpg?fit=740%2C493&amp;ssl=1\" data-id=\"95\" src=\"https:\/\/i0.wp.com\/casas-da-serra.pt\/wp-content\/uploads\/2019\/04\/lx138400.jpg?resize=740%2C493&#038;ssl=1\" alt=\"\" class=\"wp-image-95\"\/><\/figure>\n<\/figure>\n\n\n\n<h3 class=\"wp-block-heading\">As praias<\/h3>\n\n\n\n<p class=\"translation-block\">O Monte do Cansado fica a 15 minutos das mais belas praias do Sotavento Algarvio. <a href=\"http:\/\/casas-da-serra.pt\/pt\/2019\/04\/27\/praia-da-fabrica-in-cacela-a-velha\/\" target=\"_self\">A praia da F\u00e1brica<\/a> em Cacela-a-Velha \u00e9 a nossa favorita. Est\u00e1 situada no meio da reserva natural da Ria Formosa e a cerca de 10 km da nossa casa. Em 2015 foi eleita uma das 10 melhores praias Europeias pelo Guardian Ingl\u00eas. A revista espanhola Cond\u00e9 Nast Traveler tamb\u00e9m elegeu a F\u00e1brica como uma das 15 praias mais bonitas do mundo em 2015. Se viajar com crian\u00e7as, vai adorar <a href=\"http:\/\/casas-da-serra.pt\/pt\/2019\/04\/27\/praia-do-barril\/\" target=\"_self\">Praia do Barril<\/a>. Os edif\u00edcios desta antiga esta\u00e7\u00e3o de pesca do atum foram transformados em bares e restaurantes e h\u00e1 barcos a pedal e catamar\u00e3s para aluguer directamente na praia. As crian\u00e7as v\u00e3o adorar o pequeno comboio que vos leva atrav\u00e9s da reserva natural da Ria Formosa at\u00e9 esta longa e espa\u00e7osa praia.<\/p>\n\n\n<div class=\"wp-block-image\">\n<figure class=\"aligncenter\"><img data-recalc-dims=\"1\" loading=\"lazy\" decoding=\"async\" width=\"740\" height=\"416\" data-attachment-id=\"144\" data-permalink=\"https:\/\/casas-da-serra.pt\/pt\/monte-do-cansado\/dscf4591\/\" data-orig-file=\"https:\/\/i0.wp.com\/casas-da-serra.pt\/wp-content\/uploads\/2019\/04\/dscf4591.jpg?fit=1500%2C844&amp;ssl=1\" data-orig-size=\"1500,844\" data-comments-opened=\"0\" data-image-meta=\"{&quot;aperture&quot;:&quot;6.4&quot;,&quot;credit&quot;:&quot;&quot;,&quot;camera&quot;:&quot;X-Pro1&quot;,&quot;caption&quot;:&quot;&quot;,&quot;created_timestamp&quot;:&quot;1374563712&quot;,&quot;copyright&quot;:&quot;&quot;,&quot;focal_length&quot;:&quot;55&quot;,&quot;iso&quot;:&quot;200&quot;,&quot;shutter_speed&quot;:&quot;0.001&quot;,&quot;title&quot;:&quot;&quot;,&quot;orientation&quot;:&quot;0&quot;}\" data-image-title=\"DSCF4591\" data-image-description=\"\" data-image-caption=\"\" data-large-file=\"https:\/\/i0.wp.com\/casas-da-serra.pt\/wp-content\/uploads\/2019\/04\/dscf4591.jpg?fit=740%2C416&amp;ssl=1\" src=\"https:\/\/i0.wp.com\/casas-da-serra.pt\/wp-content\/uploads\/2019\/04\/dscf4591.jpg?resize=740%2C416&#038;ssl=1\" alt=\"DSCF4591.jpg\" class=\"wp-image-144\"\/><\/figure>\n<\/div>\n\n\n<h3 class=\"wp-block-heading\">Caminhadas e natureza<\/h3>\n\n\n\n<p>Perto da casa come\u00e7a um dos mais belos trilhos para caminhadas do Sotavento Algarvio, serpenteando pelos montes, vales e ribeiros da reserva natural da Mata Nacional da Concei\u00e7\u00e3o. Na nossa casa encontrar\u00e1 mapas de caminhadas e sugest\u00f5es para as mais belas excurs\u00f5es. A Primavera e o Inverno s\u00e3o as melhores esta\u00e7\u00f5es para umas f\u00e9rias de caminhadas, enquanto os meses de Maio a meados de Outubro s\u00e3o a \u00e9poca perfeita para umas f\u00e9rias de praia.<\/p>\n\n\n\n<h3 class=\"wp-block-heading\">Equipamentos<\/h3>\n\n\n\n<p>Os dois quartos est\u00e3o equipados com camas de casal de 1,60 x 2,00 metros. O primeiro quarto tem um grande guarda-roupa antigo. O segundo quarto disp\u00f5e de uma secret\u00e1ria com vista panor\u00e2mica para a serra. O primeiro quarto est\u00e1 ligado \u00e0 cozinha por uma porta. O segundo quarto tem entrada pr\u00f3pria a partir do terra\u00e7o e est\u00e1 ligado ao primeiro quarto por uma porta.<\/p>\n\n\n\n<p><\/p>","protected":false},"excerpt":{"rendered":"<p>The house Book your stay at Monte do Cansado and enjoy an unspoiled view into the nature of the Algarve. This carefully restored farmhouse in the hills of the Sotavento is 10 km away from the sea and the endless sandy beaches of the Eastern Algarve. The 12&#215;4 metre swimming pool is shared with the &hellip; <a href=\"https:\/\/casas-da-serra.pt\/pt\/monte-do-cansado\/\" class=\"more-link\">Continue reading <span class=\"screen-reader-text\">Monte do Cansado<\/span><\/a><\/p>","protected":false},"author":4189185,"featured_media":133,"parent":0,"menu_order":0,"comment_status":"closed","ping_status":"closed","template":"","meta":{"footnotes":""},"tags":[64849781,64849780,64849782],"class_list":["post-91","page","type-page","status-publish","has-post-thumbnail","hentry","tag-casas-da-serra","tag-monte-do-cansado","tag-our-holiday-houses"],"jetpack_likes_enabled":true,"jetpack_sharing_enabled":true,"jetpack_shortlink":"https:\/\/wp.me\/P9F8Zw-1t","amp_enabled":true,"_links":{"self":[{"href":"https:\/\/casas-da-serra.pt\/pt\/wp-json\/wp\/v2\/pages\/91","targetHints":{"allow":["GET"]}}],"collection":[{"href":"https:\/\/casas-da-serra.pt\/pt\/wp-json\/wp\/v2\/pages"}],"about":[{"href":"https:\/\/casas-da-serra.pt\/pt\/wp-json\/wp\/v2\/types\/page"}],"author":[{"embeddable":true,"href":"https:\/\/casas-da-serra.pt\/pt\/wp-json\/wp\/v2\/users\/4189185"}],"replies":[{"embeddable":true,"href":"https:\/\/casas-da-serra.pt\/pt\/wp-json\/wp\/v2\/comments?post=91"}],"version-history":[{"count":39,"href":"https:\/\/casas-da-serra.pt\/pt\/wp-json\/wp\/v2\/pages\/91\/revisions"}],"predecessor-version":[{"id":2354,"href":"https:\/\/casas-da-serra.pt\/pt\/wp-json\/wp\/v2\/pages\/91\/revisions\/2354"}],"wp:featuredmedia":[{"embeddable":true,"href":"https:\/\/casas-da-serra.pt\/pt\/wp-json\/wp\/v2\/media\/133"}],"wp:attachment":[{"href":"https:\/\/casas-da-serra.pt\/pt\/wp-json\/wp\/v2\/media?parent=91"}],"wp:term":[{"taxonomy":"post_tag","embeddable":true,"href":"https:\/\/casas-da-serra.pt\/pt\/wp-json\/wp\/v2\/tags?post=91"}],"curies":[{"name":"wp","href":"https:\/\/api.w.org\/{rel}","templated":true}]}}